{"id":133,"date":"2017-10-07T21:44:23","date_gmt":"2017-10-07T21:44:23","guid":{"rendered":"http:\/\/puderfilosofi.se\/?page_id=133"},"modified":"2025-07-15T14:44:58","modified_gmt":"2025-07-15T14:44:58","slug":"arbetsserier","status":"publish","type":"page","link":"https:\/\/puderfilosofi.se\/?page_id=133","title":{"rendered":"Arbetsserier"},"content":{"rendered":"<p>Jag arbetar ofta i tematiska serier som orienterar sig runt en titel, begrepp eller en plats.<\/p>\n<h3><img loading=\"lazy\" decoding=\"async\" class=\"alignnone size-medium wp-image-997\" src=\"https:\/\/media.puderfilosofi.se\/2021\/08\/asa_webb_kbblomma-300x292.jpg\" alt=\"\" width=\"300\" height=\"292\" srcset=\"https:\/\/media.puderfilosofi.se\/2021\/08\/asa_webb_kbblomma-300x292.jpg 300w, https:\/\/media.puderfilosofi.se\/2021\/08\/asa_webb_kbblomma-150x146.jpg 150w, https:\/\/media.puderfilosofi.se\/2021\/08\/asa_webb_kbblomma.jpg 631w\" sizes=\"auto, (max-width: 300px) 100vw, 300px\" \/><\/h3>\n<h3>K\u00f6rsb\u00e4rsblomssanatoriet<\/h3>\n<p>&#8221;H\u00f6stkrattar i ett tillst\u00e5nd av f\u00f6rundran. Anlagen till knoppar. Siden, s\u00e5r av k\u00e5da. Jag t\u00f6rs knappt g\u00e5 \u00f6ver marken.<\/p>\n<p>V\u00e5r. Sm\u00e5 utv\u00e4xter skimrar i vinden, faller ner mot k\u00e4llan. D\u00e4r nere i jorden, alla dessa sm\u00e5 sp\u00f6ken. Om jag vidr\u00f6r en blomma, snabbt p\u00e5 dess v\u00e4g, en piruett och sedan som sagt, ner. N\u00e5got av mig b\u00e4rs d\u00e5 ocks\u00e5 ner, till k\u00e4llan. Jag tror faktiskt att det \u00e4r s\u00e5. Alla sm\u00e5 sp\u00f6ken bor i jorden.<\/p>\n<p><em>K\u00f6rsb\u00e4rsblomssanatoriet<\/em> kommer f\u00f6r mig trots att det \u00e4r sv\u00e5rt att uttala. Jag vet inte om det bara \u00e4r till f\u00f6r blommor, eller om andra kan tas in eller l\u00e4gga in sig d\u00e4r. Eller om blommorna sj\u00e4lva st\u00e5r som v\u00e4rd? Jag ska unders\u00f6ka detta. De b\u00e4r ju ocks\u00e5 ett vidunderligt ljus.<\/p>\n<p>I Japan finns det k\u00f6rsb\u00e4rsblomst\u00e9. Blombladen \u00e4r m\u00f6rkt rosa med salt pudrat runt om. Kornen har sugit \u00e5t sig v\u00e5ren. Min ink\u00f6pta f\u00f6rpackning \u00e4r l\u00e4nge obruten. N\u00e5gon sade att t\u00e9et smakar som t\u00e5rar.&#8221;<\/p>\n<p><em>K\u00f6rsb\u00e4rsblomsanatoriet (B\u00e5r)<\/em>\u00a02024 vid Uppsala Konstmuseum, XVII Grafiktriennalen, 18 maj-15 september 2024. B\u00e5ren best\u00e5r av bem\u00e5lad bj\u00f6rkplywood, bambu, egen grafik, vintage-grafik fr\u00e5n Japan, gamla albumsidor i siden, vykort m.m.<\/p>\n<div id=\"attachment_1340\" style=\"width: 1034px\" class=\"wp-caption alignnone\"><img loading=\"lazy\" decoding=\"async\" aria-describedby=\"caption-attachment-1340\" class=\"wp-image-1340 size-large\" src=\"https:\/\/media.puderfilosofi.se\/2024\/06\/liten-Asa-Andersson-Bar-2024-helbild-1024x768.jpg\" alt=\"\" width=\"1024\" height=\"768\" srcset=\"https:\/\/media.puderfilosofi.se\/2024\/06\/liten-Asa-Andersson-Bar-2024-helbild-1024x768.jpg 1024w, https:\/\/media.puderfilosofi.se\/2024\/06\/liten-Asa-Andersson-Bar-2024-helbild-300x225.jpg 300w, https:\/\/media.puderfilosofi.se\/2024\/06\/liten-Asa-Andersson-Bar-2024-helbild-150x113.jpg 150w, https:\/\/media.puderfilosofi.se\/2024\/06\/liten-Asa-Andersson-Bar-2024-helbild-768x576.jpg 768w, https:\/\/media.puderfilosofi.se\/2024\/06\/liten-Asa-Andersson-Bar-2024-helbild.jpg 1181w\" sizes=\"auto, (max-width: 1024px) 100vw, 1024px\" \/><p id=\"caption-attachment-1340\" class=\"wp-caption-text\">K\u00f6rsb\u00e4rsblomssanatoriet (B\u00e5r) 2024 Uppsala Konstmuseum Grafiktriennalen XVII<\/p><\/div>\n<div id=\"attachment_1341\" style=\"width: 778px\" class=\"wp-caption alignnone\"><img loading=\"lazy\" decoding=\"async\" aria-describedby=\"caption-attachment-1341\" class=\"wp-image-1341 size-large\" src=\"https:\/\/media.puderfilosofi.se\/2024\/06\/liten-Asa-Andersson-bar-detalj-2024-768x1024.jpg\" alt=\"\" width=\"768\" height=\"1024\" srcset=\"https:\/\/media.puderfilosofi.se\/2024\/06\/liten-Asa-Andersson-bar-detalj-2024-768x1024.jpg 768w, https:\/\/media.puderfilosofi.se\/2024\/06\/liten-Asa-Andersson-bar-detalj-2024-225x300.jpg 225w, https:\/\/media.puderfilosofi.se\/2024\/06\/liten-Asa-Andersson-bar-detalj-2024-113x150.jpg 113w, https:\/\/media.puderfilosofi.se\/2024\/06\/liten-Asa-Andersson-bar-detalj-2024.jpg 886w\" sizes=\"auto, (max-width: 768px) 100vw, 768px\" \/><p id=\"caption-attachment-1341\" class=\"wp-caption-text\">K\u00f6rsb\u00e4rsblomssanatoriet (B\u00e5r) 2024 Uppsala Konstmuseum Grafiktriennalen XVII<\/p><\/div>\n<div id=\"attachment_237\" style=\"width: 360px\" class=\"wp-caption alignnone\"><img loading=\"lazy\" decoding=\"async\" aria-describedby=\"caption-attachment-237\" class=\"wp-image-237\" src=\"https:\/\/media.puderfilosofi.se\/2017\/10\/liten_OPEN-ART-med-\u00c5sa-och-Anderz-106-225x300.jpg\" alt=\"\" width=\"350\" height=\"467\" srcset=\"https:\/\/media.puderfilosofi.se\/2017\/10\/liten_OPEN-ART-med-\u00c5sa-och-Anderz-106-225x300.jpg 225w, https:\/\/media.puderfilosofi.se\/2017\/10\/liten_OPEN-ART-med-\u00c5sa-och-Anderz-106-768x1024.jpg 768w, https:\/\/media.puderfilosofi.se\/2017\/10\/liten_OPEN-ART-med-\u00c5sa-och-Anderz-106-113x150.jpg 113w, https:\/\/media.puderfilosofi.se\/2017\/10\/liten_OPEN-ART-med-\u00c5sa-och-Anderz-106.jpg 1063w\" sizes=\"auto, (max-width: 350px) 100vw, 350px\" \/><p id=\"caption-attachment-237\" class=\"wp-caption-text\">\u00c5sa Andersson <em>K\u00f6rsb\u00e4rsblomssanatoriet<\/em> \u00d6rebro OpenART 2015 (videosk\u00e5p i installation)<\/p><\/div>\n<div id=\"attachment_247\" style=\"width: 360px\" class=\"wp-caption alignnone\"><img loading=\"lazy\" decoding=\"async\" aria-describedby=\"caption-attachment-247\" class=\"wp-image-247\" src=\"https:\/\/media.puderfilosofi.se\/2017\/10\/asa_web_gung-1q-15cm-200x300.jpg\" alt=\"\" width=\"350\" height=\"525\" srcset=\"https:\/\/media.puderfilosofi.se\/2017\/10\/asa_web_gung-1q-15cm-200x300.jpg 200w, https:\/\/media.puderfilosofi.se\/2017\/10\/asa_web_gung-1q-15cm-100x150.jpg 100w, https:\/\/media.puderfilosofi.se\/2017\/10\/asa_web_gung-1q-15cm.jpg 394w\" sizes=\"auto, (max-width: 350px) 100vw, 350px\" \/><p id=\"caption-attachment-247\" class=\"wp-caption-text\">\u00c5sa Andersson <em>K\u00f6rsb\u00e4rsblomssanatoriet<\/em> fotografi 2014<\/p><\/div>\n<div id=\"attachment_225\" style=\"width: 360px\" class=\"wp-caption alignnone\"><img loading=\"lazy\" decoding=\"async\" aria-describedby=\"caption-attachment-225\" class=\"wp-image-225\" src=\"https:\/\/media.puderfilosofi.se\/2017\/10\/asa_gs_nov_14-300x200.jpg\" alt=\"\" width=\"350\" height=\"234\" srcset=\"https:\/\/media.puderfilosofi.se\/2017\/10\/asa_gs_nov_14-300x200.jpg 300w, https:\/\/media.puderfilosofi.se\/2017\/10\/asa_gs_nov_14-150x100.jpg 150w, https:\/\/media.puderfilosofi.se\/2017\/10\/asa_gs_nov_14.jpg 676w\" sizes=\"auto, (max-width: 350px) 100vw, 350px\" \/><p id=\"caption-attachment-225\" class=\"wp-caption-text\">\u00c5sa Andersson detalj, <em>K\u00f6rsb\u00e4rsblomssanatoriet<\/em> Grafiska S\u00e4llskapet 2014<\/p><\/div>\n<div id=\"attachment_965\" style=\"width: 1002px\" class=\"wp-caption alignnone\"><img loading=\"lazy\" decoding=\"async\" aria-describedby=\"caption-attachment-965\" class=\"wp-image-965 size-full\" src=\"https:\/\/media.puderfilosofi.se\/2021\/08\/asa_webb_mini_ljus-ambulansrosavit.jpg\" alt=\"\" width=\"992\" height=\"744\" srcset=\"https:\/\/media.puderfilosofi.se\/2021\/08\/asa_webb_mini_ljus-ambulansrosavit.jpg 992w, https:\/\/media.puderfilosofi.se\/2021\/08\/asa_webb_mini_ljus-ambulansrosavit-300x225.jpg 300w, https:\/\/media.puderfilosofi.se\/2021\/08\/asa_webb_mini_ljus-ambulansrosavit-150x113.jpg 150w, https:\/\/media.puderfilosofi.se\/2021\/08\/asa_webb_mini_ljus-ambulansrosavit-768x576.jpg 768w\" sizes=\"auto, (max-width: 992px) 100vw, 992px\" \/><p id=\"caption-attachment-965\" class=\"wp-caption-text\">\u00c5sa Andersson, analogt fotografi monterat p\u00e5 glas 2015<\/p><\/div>\n<p><!--more--><\/p>\n<div id=\"attachment_280\" style=\"width: 360px\" class=\"wp-caption alignnone\"><img loading=\"lazy\" decoding=\"async\" aria-describedby=\"caption-attachment-280\" class=\"wp-image-280\" src=\"https:\/\/media.puderfilosofi.se\/2017\/10\/liten_asa_a_sopa_trad_KBBS-300x200.jpg\" alt=\"\" width=\"350\" height=\"233\" srcset=\"https:\/\/media.puderfilosofi.se\/2017\/10\/liten_asa_a_sopa_trad_KBBS-300x200.jpg 300w, https:\/\/media.puderfilosofi.se\/2017\/10\/liten_asa_a_sopa_trad_KBBS-768x512.jpg 768w, https:\/\/media.puderfilosofi.se\/2017\/10\/liten_asa_a_sopa_trad_KBBS-1024x683.jpg 1024w, https:\/\/media.puderfilosofi.se\/2017\/10\/liten_asa_a_sopa_trad_KBBS-150x100.jpg 150w, https:\/\/media.puderfilosofi.se\/2017\/10\/liten_asa_a_sopa_trad_KBBS.jpg 1417w\" sizes=\"auto, (max-width: 350px) 100vw, 350px\" \/><p id=\"caption-attachment-280\" class=\"wp-caption-text\">\u00c5sa Andersson <em>K\u00f6rsb\u00e4rsblomssanatoriet<\/em> (sopa tr\u00e4d) fotografi 2015<\/p><\/div>\n<div id=\"attachment_294\" style=\"width: 360px\" class=\"wp-caption alignnone\"><img loading=\"lazy\" decoding=\"async\" aria-describedby=\"caption-attachment-294\" class=\"wp-image-294\" src=\"https:\/\/media.puderfilosofi.se\/2017\/10\/Copright-Per-Arne-Rynning-0492-240x300.jpg\" alt=\"\" width=\"350\" height=\"438\" srcset=\"https:\/\/media.puderfilosofi.se\/2017\/10\/Copright-Per-Arne-Rynning-0492-240x300.jpg 240w, https:\/\/media.puderfilosofi.se\/2017\/10\/Copright-Per-Arne-Rynning-0492-120x150.jpg 120w, https:\/\/media.puderfilosofi.se\/2017\/10\/Copright-Per-Arne-Rynning-0492.jpg 680w\" sizes=\"auto, (max-width: 350px) 100vw, 350px\" \/><p id=\"caption-attachment-294\" class=\"wp-caption-text\">\u00c5sa Andersson <em>Pl\u00e5sterb\u00e4dd<\/em> akvarell och tryck 2016<\/p><\/div>\n<div id=\"attachment_298\" style=\"width: 360px\" class=\"wp-caption alignnone\"><img loading=\"lazy\" decoding=\"async\" aria-describedby=\"caption-attachment-298\" class=\"wp-image-298\" src=\"https:\/\/media.puderfilosofi.se\/2017\/10\/openart-trasnitt-300x225.jpg\" alt=\"\" width=\"350\" height=\"263\" srcset=\"https:\/\/media.puderfilosofi.se\/2017\/10\/openart-trasnitt-300x225.jpg 300w, https:\/\/media.puderfilosofi.se\/2017\/10\/openart-trasnitt-768x576.jpg 768w, https:\/\/media.puderfilosofi.se\/2017\/10\/openart-trasnitt-1024x768.jpg 1024w, https:\/\/media.puderfilosofi.se\/2017\/10\/openart-trasnitt-150x113.jpg 150w, https:\/\/media.puderfilosofi.se\/2017\/10\/openart-trasnitt.jpg 1417w\" sizes=\"auto, (max-width: 350px) 100vw, 350px\" \/><p id=\"caption-attachment-298\" class=\"wp-caption-text\">\u00c5sa Andersson <em>K\u00f6rsb\u00e4rsblomssanatoriet<\/em> detalj installation OpenART \u00d6rebro 2015 (vintage tr\u00e4snitt)<\/p><\/div>\n<div style=\"width: 480px;\" class=\"wp-video\"><video class=\"wp-video-shortcode\" id=\"video-133-1\" width=\"480\" height=\"270\" preload=\"metadata\" controls=\"controls\"><source type=\"video\/mp4\" src=\"https:\/\/media.puderfilosofi.se\/2017\/10\/Asa_A_KBBS_kort_1_min-Wi-Fi.m4v?_=1\" \/><a href=\"https:\/\/media.puderfilosofi.se\/2017\/10\/Asa_A_KBBS_kort_1_min-Wi-Fi.m4v\">https:\/\/media.puderfilosofi.se\/2017\/10\/Asa_A_KBBS_kort_1_min-Wi-Fi.m4v<\/a><\/video><\/div>\n<p>\u00c5sa Andersson <em>K\u00f6rsb\u00e4rsblomssanatoriet<\/em> 1 minut klipp fr\u00e5n 12 min video 2015<\/p>\n<h3>Hiroshima Blossom Keepers<\/h3>\n<div id=\"attachment_971\" style=\"width: 1002px\" class=\"wp-caption alignnone\"><img loading=\"lazy\" decoding=\"async\" aria-describedby=\"caption-attachment-971\" class=\"wp-image-971 size-full\" src=\"https:\/\/media.puderfilosofi.se\/2021\/08\/asa_webb_HBK_fagel.jpg\" alt=\"\" width=\"992\" height=\"681\" srcset=\"https:\/\/media.puderfilosofi.se\/2021\/08\/asa_webb_HBK_fagel.jpg 992w, https:\/\/media.puderfilosofi.se\/2021\/08\/asa_webb_HBK_fagel-300x206.jpg 300w, https:\/\/media.puderfilosofi.se\/2021\/08\/asa_webb_HBK_fagel-150x103.jpg 150w, https:\/\/media.puderfilosofi.se\/2021\/08\/asa_webb_HBK_fagel-768x527.jpg 768w\" sizes=\"auto, (max-width: 992px) 100vw, 992px\" \/><p id=\"caption-attachment-971\" class=\"wp-caption-text\">\u00c5sa Andersson, analogt dubbelexponerat fotografi, serie: Hiroshima Blossom Keepers<\/p><\/div>\n<div id=\"attachment_242\" style=\"width: 360px\" class=\"wp-caption alignnone\"><img loading=\"lazy\" decoding=\"async\" aria-describedby=\"caption-attachment-242\" class=\"wp-image-242\" src=\"https:\/\/media.puderfilosofi.se\/2017\/10\/asa_a_hiroshima_blossom_keepers_sailor-300x200.jpg\" alt=\"\" width=\"350\" height=\"233\" srcset=\"https:\/\/media.puderfilosofi.se\/2017\/10\/asa_a_hiroshima_blossom_keepers_sailor-300x200.jpg 300w, https:\/\/media.puderfilosofi.se\/2017\/10\/asa_a_hiroshima_blossom_keepers_sailor-768x511.jpg 768w, https:\/\/media.puderfilosofi.se\/2017\/10\/asa_a_hiroshima_blossom_keepers_sailor-1024x681.jpg 1024w, https:\/\/media.puderfilosofi.se\/2017\/10\/asa_a_hiroshima_blossom_keepers_sailor-150x100.jpg 150w, https:\/\/media.puderfilosofi.se\/2017\/10\/asa_a_hiroshima_blossom_keepers_sailor.jpg 1775w\" sizes=\"auto, (max-width: 350px) 100vw, 350px\" \/><p id=\"caption-attachment-242\" class=\"wp-caption-text\">\u00c5sa Andersson <em>Hiroshima Blossom Keepers (Sailor)<\/em> analogt dubbelexponerat fotografi<\/p><\/div>\n<div id=\"attachment_532\" style=\"width: 360px\" class=\"wp-caption alignnone\"><img loading=\"lazy\" decoding=\"async\" aria-describedby=\"caption-attachment-532\" class=\"wp-image-532\" src=\"https:\/\/media.puderfilosofi.se\/2019\/12\/hemsida-HBK-lily-valley-300x198.jpg\" alt=\"\" width=\"350\" height=\"231\" srcset=\"https:\/\/media.puderfilosofi.se\/2019\/12\/hemsida-HBK-lily-valley-300x198.jpg 300w, https:\/\/media.puderfilosofi.se\/2019\/12\/hemsida-HBK-lily-valley-150x99.jpg 150w, https:\/\/media.puderfilosofi.se\/2019\/12\/hemsida-HBK-lily-valley-768x507.jpg 768w, https:\/\/media.puderfilosofi.se\/2019\/12\/hemsida-HBK-lily-valley-1024x676.jpg 1024w\" sizes=\"auto, (max-width: 350px) 100vw, 350px\" \/><p id=\"caption-attachment-532\" class=\"wp-caption-text\">\u00c5sa Andersson <em>Hiroshima Blossom Keepers (Lily of the Valley)<\/em> analogt dubbelexponerat fotografi<\/p><\/div>\n<div id=\"attachment_609\" style=\"width: 360px\" class=\"wp-caption alignnone\"><img loading=\"lazy\" decoding=\"async\" aria-describedby=\"caption-attachment-609\" class=\"wp-image-609\" src=\"https:\/\/media.puderfilosofi.se\/2019\/12\/asa-skepp-h\u00f6st-300x206.jpg\" alt=\"\" width=\"350\" height=\"240\" srcset=\"https:\/\/media.puderfilosofi.se\/2019\/12\/asa-skepp-h\u00f6st-300x206.jpg 300w, https:\/\/media.puderfilosofi.se\/2019\/12\/asa-skepp-h\u00f6st-150x103.jpg 150w, https:\/\/media.puderfilosofi.se\/2019\/12\/asa-skepp-h\u00f6st-768x527.jpg 768w, https:\/\/media.puderfilosofi.se\/2019\/12\/asa-skepp-h\u00f6st-1024x702.jpg 1024w, https:\/\/media.puderfilosofi.se\/2019\/12\/asa-skepp-h\u00f6st.jpg 1181w\" sizes=\"auto, (max-width: 350px) 100vw, 350px\" \/><p id=\"caption-attachment-609\" class=\"wp-caption-text\">\u00c5sa Andersson <em>Hiroshima Blossom Keepers (Ship)<\/em> analogt dubbelexponerat fotografi<\/p><\/div>\n<p>&#8221;Jag \u00f6vers\u00e4tter med kamera, papper och glitter &#8211; i fotografierna finns ett f\u00f6rsta lager fr\u00e5n en japansk parkv\u00e4rld med ursprung fr\u00e5n 1620: <em>Shukkeien<\/em>, Hiroshima. Jag har varit d\u00e4r 4 g\u00e5nger sedan 2005 &#8211; och rest hem med oframkallade filmrullar som lagts i kylsk\u00e5pet. S\u00e5 har ett lager lagts till, dubbelexponerat p\u00e5 ett bord i min l\u00e4genhet. Bilderna \u00e4r om\u00f6jliga, \u00e4nd\u00e5 finns de. Tv\u00e5 v\u00e4rldar i en &#8211; den historiska, katastrofala och den lilla, privata &#8211; ett unikt bildrum uppst\u00e5r i den ljusk\u00e4nsliga filmen.&#8221;<\/p>\n<h3>F\u00f6rest\u00e4llningar om vattenbruk I-V<\/h3>\n<p>Min serie med 5 affischer skapades 2014 i respons till diskussioner om Slussen i Stockholm. Jag fotograferade gamla leksaksbadrum och badrumssk\u00e5p i pl\u00e5t med olika till\u00e4gg. De totalt 200 affischerna inom grupprojektet satt uppe p\u00e5 Kulturtavlorna runt om i Stockholms innerstad under perioden 12 \u2013 25 maj 2014. Mellan den 22 och 29 maj fanns det \u00e4ven m\u00f6jlighet att se affischerna p\u00e5 Grafiska S\u00e4llskapet Galleri, Hornsgatan 6, Stockholm. \u201dSlussen en hj\u00e4rtefr\u00e5ga\u201d var ett samarbete mellan Grafikskolan i Stockholm, Kungl. Konsth\u00f6gskolan i Stockholm, Grafiska S\u00e4llskapet KAC (kistaartcity) och Konstfr\u00e4mjandet.<\/p>\n<div id=\"attachment_214\" style=\"width: 348px\" class=\"wp-caption alignnone\"><img loading=\"lazy\" decoding=\"async\" aria-describedby=\"caption-attachment-214\" class=\"wp-image-214 size-full\" src=\"https:\/\/media.puderfilosofi.se\/2017\/10\/CFF_\u00c5sa_Andersson_t\u00e4t.jpg\" alt=\"\" width=\"338\" height=\"480\" srcset=\"https:\/\/media.puderfilosofi.se\/2017\/10\/CFF_\u00c5sa_Andersson_t\u00e4t.jpg 338w, https:\/\/media.puderfilosofi.se\/2017\/10\/CFF_\u00c5sa_Andersson_t\u00e4t-211x300.jpg 211w, https:\/\/media.puderfilosofi.se\/2017\/10\/CFF_\u00c5sa_Andersson_t\u00e4t-106x150.jpg 106w\" sizes=\"auto, (max-width: 338px) 100vw, 338px\" \/><p id=\"caption-attachment-214\" class=\"wp-caption-text\">\u00c5sa Andersson, F\u00f6rest\u00e4llningar om vattenbruk (fotografi, serie), 2015<\/p><\/div>\n<div id=\"attachment_461\" style=\"width: 510px\" class=\"wp-caption alignnone\"><img loading=\"lazy\" decoding=\"async\" aria-describedby=\"caption-attachment-461\" class=\"wp-image-461\" src=\"https:\/\/media.puderfilosofi.se\/2018\/08\/webb-asa-bild-Blasut-2014-1024x768.jpg\" alt=\"\" width=\"500\" height=\"375\" srcset=\"https:\/\/media.puderfilosofi.se\/2018\/08\/webb-asa-bild-Blasut-2014-1024x768.jpg 1024w, https:\/\/media.puderfilosofi.se\/2018\/08\/webb-asa-bild-Blasut-2014-150x113.jpg 150w, https:\/\/media.puderfilosofi.se\/2018\/08\/webb-asa-bild-Blasut-2014-300x225.jpg 300w, https:\/\/media.puderfilosofi.se\/2018\/08\/webb-asa-bild-Blasut-2014-768x576.jpg 768w, https:\/\/media.puderfilosofi.se\/2018\/08\/webb-asa-bild-Blasut-2014.jpg 1417w\" sizes=\"auto, (max-width: 500px) 100vw, 500px\" \/><p id=\"caption-attachment-461\" class=\"wp-caption-text\">\u00c5sa Andersson, F\u00f6rest\u00e4llningar om vattenbruk (fotografi, serie) p\u00e5 Kulturtavla, Bl\u00e5sut, Stockholm, 2014<\/p><\/div>\n<div id=\"attachment_289\" style=\"width: 510px\" class=\"wp-caption alignnone\"><img loading=\"lazy\" decoding=\"async\" aria-describedby=\"caption-attachment-289\" class=\"wp-image-289\" src=\"https:\/\/media.puderfilosofi.se\/2017\/10\/affisch-grand-hotel-maj-14-765x1024.jpg\" alt=\"\" width=\"500\" height=\"669\" srcset=\"https:\/\/media.puderfilosofi.se\/2017\/10\/affisch-grand-hotel-maj-14-765x1024.jpg 765w, https:\/\/media.puderfilosofi.se\/2017\/10\/affisch-grand-hotel-maj-14-224x300.jpg 224w, https:\/\/media.puderfilosofi.se\/2017\/10\/affisch-grand-hotel-maj-14-768x1028.jpg 768w, https:\/\/media.puderfilosofi.se\/2017\/10\/affisch-grand-hotel-maj-14-112x150.jpg 112w, https:\/\/media.puderfilosofi.se\/2017\/10\/affisch-grand-hotel-maj-14.jpg 1936w\" sizes=\"auto, (max-width: 500px) 100vw, 500px\" \/><p id=\"caption-attachment-289\" class=\"wp-caption-text\">\u00c5sa Andersson, F\u00f6rest\u00e4llningar om vattenbruk (fotografi, serie) p\u00e5 Kulturtavla utanf\u00f6r Grand Hotell, Stockholm, 2014<\/p><\/div>\n<h3>\u00d6vrigt<\/h3>\n<div id=\"attachment_347\" style=\"width: 510px\" class=\"wp-caption alignnone\"><img loading=\"lazy\" decoding=\"async\" aria-describedby=\"caption-attachment-347\" class=\"wp-image-347\" src=\"https:\/\/media.puderfilosofi.se\/2018\/08\/asa_a_fran_fullersta_hemsida-300x229.jpg\" alt=\"\" width=\"500\" height=\"382\" srcset=\"https:\/\/media.puderfilosofi.se\/2018\/08\/asa_a_fran_fullersta_hemsida-300x229.jpg 300w, https:\/\/media.puderfilosofi.se\/2018\/08\/asa_a_fran_fullersta_hemsida-768x587.jpg 768w, https:\/\/media.puderfilosofi.se\/2018\/08\/asa_a_fran_fullersta_hemsida-150x115.jpg 150w, https:\/\/media.puderfilosofi.se\/2018\/08\/asa_a_fran_fullersta_hemsida.jpg 800w\" sizes=\"auto, (max-width: 500px) 100vw, 500px\" \/><p id=\"caption-attachment-347\" class=\"wp-caption-text\">\u00c5sa Andersson, 2011 (docks\u00e4ng, vykort, sockerbitar med kristyr)<\/p><\/div>\n<div id=\"attachment_808\" style=\"width: 510px\" class=\"wp-caption alignnone\"><img loading=\"lazy\" decoding=\"async\" aria-describedby=\"caption-attachment-808\" class=\"wp-image-808\" src=\"https:\/\/media.puderfilosofi.se\/2020\/06\/Molnbord-300x225.jpg\" alt=\"\" width=\"500\" height=\"375\" srcset=\"https:\/\/media.puderfilosofi.se\/2020\/06\/Molnbord-300x225.jpg 300w, https:\/\/media.puderfilosofi.se\/2020\/06\/Molnbord-150x113.jpg 150w, https:\/\/media.puderfilosofi.se\/2020\/06\/Molnbord-768x576.jpg 768w, https:\/\/media.puderfilosofi.se\/2020\/06\/Molnbord.jpg 945w\" sizes=\"auto, (max-width: 500px) 100vw, 500px\" \/><p id=\"caption-attachment-808\" class=\"wp-caption-text\">\u00c5sa Andersson, <em>Molntillbedjarbord<\/em> 2011, Grafiska S\u00e4llskapet<\/p><\/div>\n","protected":false},"excerpt":{"rendered":"<p>Jag arbetar ofta i tematiska serier som orienterar sig runt en titel, begrepp eller en plats. K\u00f6rsb\u00e4rsblomssanatoriet &#8221;H\u00f6stkrattar i ett tillst\u00e5nd av f\u00f6rundran. Anlagen till knoppar. Siden, s\u00e5r av k\u00e5da. Jag t\u00f6rs knappt g\u00e5 \u00f6ver marken. V\u00e5r. Sm\u00e5 utv\u00e4xter skimrar i vinden, faller ner mot k\u00e4llan. D\u00e4r nere i jorden, alla dessa sm\u00e5 sp\u00f6ken. Om&#8230;<\/p>\n","protected":false},"author":1,"featured_media":0,"parent":0,"menu_order":0,"comment_status":"closed","ping_status":"closed","template":"","meta":{"footnotes":""},"class_list":["post-133","page","type-page","status-publish","hentry"],"_links":{"self":[{"href":"https:\/\/puderfilosofi.se\/index.php?rest_route=\/wp\/v2\/pages\/133","targetHints":{"allow":["GET"]}}],"collection":[{"href":"https:\/\/puderfilosofi.se\/index.php?rest_route=\/wp\/v2\/pages"}],"about":[{"href":"https:\/\/puderfilosofi.se\/index.php?rest_route=\/wp\/v2\/types\/page"}],"author":[{"embeddable":true,"href":"https:\/\/puderfilosofi.se\/index.php?rest_route=\/wp\/v2\/users\/1"}],"replies":[{"embeddable":true,"href":"https:\/\/puderfilosofi.se\/index.php?rest_route=%2Fwp%2Fv2%2Fcomments&post=133"}],"version-history":[{"count":66,"href":"https:\/\/puderfilosofi.se\/index.php?rest_route=\/wp\/v2\/pages\/133\/revisions"}],"predecessor-version":[{"id":1453,"href":"https:\/\/puderfilosofi.se\/index.php?rest_route=\/wp\/v2\/pages\/133\/revisions\/1453"}],"wp:attachment":[{"href":"https:\/\/puderfilosofi.se\/index.php?rest_route=%2Fwp%2Fv2%2Fmedia&parent=133"}],"curies":[{"name":"wp","href":"https:\/\/api.w.org\/{rel}","templated":true}]}}